{"id":895,"date":"2021-11-23T18:25:01","date_gmt":"2021-11-23T18:25:01","guid":{"rendered":"http:\/\/www.fundacaomillenniumbcp.pt\/como-visitar\/"},"modified":"2025-08-05T08:59:52","modified_gmt":"2025-08-05T08:59:52","slug":"como-visitar","status":"publish","type":"page","link":"https:\/\/fundacaomillenniumbcp.pt\/en\/como-visitar\/","title":{"rendered":"How to Visit"},"content":{"rendered":"<div class=\"row\">\n<div class=\"col-md-6\">\n<img loading=\"lazy\" decoding=\"async\" class=\"alignnone wp-image-224\" src=\"http:\/\/www.fundacaomillenniumbcp.pt\/wp-content\/uploads\/2018\/02\/destaque_visitas_03.png\" alt=\"\" width=\"438\" height=\"546\" srcset=\"https:\/\/fundacaomillenniumbcp.pt\/wp-content\/uploads\/2018\/02\/destaque_visitas_03.png 875w, https:\/\/fundacaomillenniumbcp.pt\/wp-content\/uploads\/2018\/02\/destaque_visitas_03-241x300.png 241w, https:\/\/fundacaomillenniumbcp.pt\/wp-content\/uploads\/2018\/02\/destaque_visitas_03-768x958.png 768w, https:\/\/fundacaomillenniumbcp.pt\/wp-content\/uploads\/2018\/02\/destaque_visitas_03-821x1024.png 821w\" sizes=\"auto, (max-width: 438px) 100vw, 438px\" \/><\/p>\n<h1 class=\"title\">Galeria Millennium<\/h1>\n<h2>Visitas<\/h2>\n<p>Entrada pela Rua Augusta n\u00ba 96 (Galeria Millennium)<\/p>\n<p><strong>Todas as visitas s\u00e3o guiadas<\/strong><\/p>\n<p>(portugu\u00eas \u2013 ingl\u00eas)<\/p>\n<h2 class=\"underline\">Entrada Gratuita<\/h2>\n<p>Para visitas de grupo \u00e9 necess\u00e1rio marca\u00e7\u00e3o pr\u00e9via (m\u00e1ximo de 20 pessoas)<\/p>\n<p>Para visitas individuais \u00e9 aconselh\u00e1vel marca\u00e7\u00e3o pr\u00e9via (para garantir disponibilidade)<\/p>\n<h2 class=\"underline\">Hor\u00e1rios das visitas<\/h2>\n<p><strong>De Segunda-feira a S\u00e1bado<\/strong><\/p>\n<p><i>10:00 h<\/i> &#8211; <i>11:00 h<\/i> &#8211; <i>12:00 h<\/i> &#8211; <i>14:00 h<\/i> &#8211; <i>15:00 h<\/i> &#8211; <i>16:00 h<\/i> &#8211; <i>17:00 h<\/i><\/p>\n<p><strong>(Encerra aos Domingos e feriados)<\/strong><\/p>\n<p><strong>Dura\u00e7\u00e3o da visita: 50 minutos (aproximadamente)<\/strong><\/p>\n<div class=\"schedule\">\n<h2>Marca\u00e7\u00f5es<\/h2>\n<p>Tel. +351 211 134 496<br \/>\nou<br \/>\nMorada. Rua Augusta n\u00ba 96 (Galeria Millennium)<\/p>\n<\/div>\n<p>N\u00facleo Arqueol\u00f3gico da Rua dos Correeiros (NARC)<br \/>\nRua dos Correeiros, n\u00ba 21<br \/>\n1100-061 Lisboa<\/p>\n<\/div>\n<div class=\"col-md-6\">\n<img loading=\"lazy\" decoding=\"async\" class=\"alignnone wp-image-225\" src=\"http:\/\/www.fundacaomillenniumbcp.pt\/wp-content\/uploads\/2018\/02\/destaque_visitas_05.png\" alt=\"\" width=\"438\" height=\"547\" srcset=\"https:\/\/fundacaomillenniumbcp.pt\/wp-content\/uploads\/2018\/02\/destaque_visitas_05.png 874w, https:\/\/fundacaomillenniumbcp.pt\/wp-content\/uploads\/2018\/02\/destaque_visitas_05-240x300.png 240w, https:\/\/fundacaomillenniumbcp.pt\/wp-content\/uploads\/2018\/02\/destaque_visitas_05-768x959.png 768w, https:\/\/fundacaomillenniumbcp.pt\/wp-content\/uploads\/2018\/02\/destaque_visitas_05-820x1024.png 820w\" sizes=\"auto, (max-width: 438px) 100vw, 438px\" \/><\/p>\n<h1 class=\"title\">N\u00facleo Arqueol\u00f3gico<\/h1>\n<h2>Visitas<\/h2>\n<p>Entrada pela Rua Augusta n\u00ba 96 (Galeria Millennium)<\/p>\n<p><strong>Todas as visitas s\u00e3o guiadas<\/strong><\/p>\n<p>(portugu\u00eas \u2013 ingl\u00eas)<\/p>\n<h2 class=\"underline\">Entrada Gratuita<\/h2>\n<p>Para visitas de grupo \u00e9 necess\u00e1rio marca\u00e7\u00e3o pr\u00e9via (m\u00e1ximo de 20 pessoas)<\/p>\n<p>Para visitas individuais \u00e9 aconselh\u00e1vel marca\u00e7\u00e3o pr\u00e9via (para garantir disponibilidade)<\/p>\n<h2 class=\"underline\">Hor\u00e1rios das visitas<\/h2>\n<p><strong>De Segunda-feira a S\u00e1bado<\/strong><\/p>\n<p><i>10:00 h<\/i> &#8211; <i>11:00 h<\/i> &#8211; <i>12:00 h<\/i> &#8211; <i>14:00 h<\/i> &#8211; <i>15:00 h<\/i> &#8211; <i>16:00 h<\/i> &#8211; <i>17:00 h<\/i><\/p>\n<p><strong>(Encerra aos Domingos e feriados)<\/strong><\/p>\n<p><strong>Dura\u00e7\u00e3o da visita: 50 minutos (aproximadamente)<\/strong><\/p>\n<div class=\"schedule\">\n<h2>Marca\u00e7\u00f5es<\/h2>\n<p>Tel. +351 211 134 496<br \/>\nou<br \/>\nMorada. Rua Augusta n\u00ba 96 (Galeria Millennium)<\/p>\n<\/div>\n<p>N\u00facleo Arqueol\u00f3gico da Rua dos Correeiros (NARC)<br \/>\nRua dos Correeiros, n\u00ba 21<br \/>\n1100-061 Lisboa<\/p>\n<\/div>\n<\/div>\n","protected":false},"excerpt":{"rendered":"","protected":false},"author":1,"featured_media":0,"parent":0,"menu_order":0,"comment_status":"closed","ping_status":"closed","template":"template-visitar.php","meta":{"footnotes":""},"class_list":["post-895","page","type-page","status-publish","hentry"],"_links":{"self":[{"href":"https:\/\/fundacaomillenniumbcp.pt\/en\/wp-json\/wp\/v2\/pages\/895","targetHints":{"allow":["GET"]}}],"collection":[{"href":"https:\/\/fundacaomillenniumbcp.pt\/en\/wp-json\/wp\/v2\/pages"}],"about":[{"href":"https:\/\/fundacaomillenniumbcp.pt\/en\/wp-json\/wp\/v2\/types\/page"}],"author":[{"embeddable":true,"href":"https:\/\/fundacaomillenniumbcp.pt\/en\/wp-json\/wp\/v2\/users\/1"}],"replies":[{"embeddable":true,"href":"https:\/\/fundacaomillenniumbcp.pt\/en\/wp-json\/wp\/v2\/comments?post=895"}],"version-history":[{"count":32,"href":"https:\/\/fundacaomillenniumbcp.pt\/en\/wp-json\/wp\/v2\/pages\/895\/revisions"}],"predecessor-version":[{"id":6883,"href":"https:\/\/fundacaomillenniumbcp.pt\/en\/wp-json\/wp\/v2\/pages\/895\/revisions\/6883"}],"wp:attachment":[{"href":"https:\/\/fundacaomillenniumbcp.pt\/en\/wp-json\/wp\/v2\/media?parent=895"}],"curies":[{"name":"wp","href":"https:\/\/api.w.org\/{rel}","templated":true}]}}